{"id":1664,"date":"2022-08-09T13:57:31","date_gmt":"2022-08-09T13:57:31","guid":{"rendered":"https:\/\/sidebloom01.customerserver003003.eurhosting.net\/?page_id=1664"},"modified":"2024-08-29T09:27:32","modified_gmt":"2024-08-29T09:27:32","slug":"la-storia","status":"publish","type":"page","link":"https:\/\/www.usigliandelvescovo.it\/en\/la-storia\/","title":{"rendered":"La storia"},"content":{"rendered":"\n<style type=\"text\/css\" data-created_by=\"avia_inline_auto\" id=\"style-css-av-1ankpby-107877ad78f90e6058f51ef01a451800\">\n.avia-section.av-1ankpby-107877ad78f90e6058f51ef01a451800 .av-parallax .av-parallax-inner{\nbackground-repeat:no-repeat;\nbackground-image:url(https:\/\/www.usigliandelvescovo.it\/wp-content\/uploads\/2022\/08\/foto1-1320x9243-1-1030x721.jpg);\nbackground-position:50% 100%;\nbackground-attachment:scroll;\n}\n.avia-section.av-1ankpby-107877ad78f90e6058f51ef01a451800 .av-section-color-overlay{\nopacity:0.7;\nbackground-color:#3f0e00;\n}\n<\/style>\n<div id='av_section_1'  class='avia-section av-1ankpby-107877ad78f90e6058f51ef01a451800 main_color avia-section-huge avia-no-border-styling  avia-builder-el-0  el_before_av_section  avia-builder-el-first  avia-full-stretch av-parallax-section avia-bg-style-parallax av-section-color-overlay-active av-minimum-height av-minimum-height-50 av-height-50  container_wrap sidebar_right'  data-section-bg-repeat='stretch' data-av_minimum_height_pc='50' data-av_min_height_opt='50'><div class='av-parallax' data-avia-parallax-ratio='0.3' ><div class='av-parallax-inner main_color avia-full-stretch'><\/div><\/div><div class=\"av-section-color-overlay-wrap\"><div class=\"av-section-color-overlay\"><\/div><div class='container av-section-cont-open' ><main  role=\"main\" itemprop=\"mainContentOfPage\"  class='template-page content  av-content-small alpha units'><div class='post-entry post-entry-type-page post-entry-1664'><div class='entry-content-wrapper clearfix'>\n\n<style type=\"text\/css\" data-created_by=\"avia_inline_auto\" id=\"style-css-av-l6m8whaw-d474aa114d48cbc7e4a5f9527f8c1b25\">\n#top .av-rotator-container.av-l6m8whaw-d474aa114d48cbc7e4a5f9527f8c1b25{\ntext-align:center;\ncolor:#ffffff;\n}\n#top #wrap_all .av-rotator-container.av-l6m8whaw-d474aa114d48cbc7e4a5f9527f8c1b25 .av-rotator-container-inner{\nfont-size:60px;\n}\n<\/style>\n\n<style type=\"text\/css\" data-created_by=\"avia_inline_auto\" id=\"style-css-sub-av-l6m8whaw-d474aa114d48cbc7e4a5f9527f8c1b25\">\n#top .av-rotator-container .av-rotator-text-single.av-19v2olq-f72da9921aeabccf0bc50f46026f800e{\ncolor:#ffffff;\n}\n#top .av-rotator-container .av-rotator-text-single.av-18909z2-1340b965010fae55acca4803d5933d6d{\ncolor:#ffffff;\n}\n#top .av-rotator-container .av-rotator-text-single.av-16h1w66-f37b4f50b911dd3a88f97a042c363fa4{\ncolor:#ffffff;\n}\n#top .av-rotator-container .av-rotator-text-single.av-14t4m4u-e060ccee7c1a72f4ed6d8acad40ae97d{\ncolor:#ffffff;\n}\n<\/style>\n<div  class='av-rotator-container av-rotation-container-center av-l6m8whaw-d474aa114d48cbc7e4a5f9527f8c1b25  avia-builder-el-1  el_before_av_headline_rotator  avia-builder-el-first  av-small-hide av-mini-hide av-after-rotation-text-active' data-interval='3' data-animation='-1'><h3 class='av-rotator-container-inner'>A company with a thousand years of<span class='av-rotator-text av-rotator-multiline-on'>\n<span class='av-rotator-text-single av-19v2olq-f72da9921aeabccf0bc50f46026f800e av-rotator-text-single-1' >HISTORY<\/span>\n<span class='av-rotator-text-single av-18909z2-1340b965010fae55acca4803d5933d6d av-rotator-text-single-2' >ETHICS AND SUSTAINABILITY<\/span>\n<span class='av-rotator-text-single av-16h1w66-f37b4f50b911dd3a88f97a042c363fa4 av-rotator-text-single-3' >BIOLOGICAL AGRICULTURE<\/span>\n<span class='av-rotator-text-single av-14t4m4u-e060ccee7c1a72f4ed6d8acad40ae97d av-rotator-text-single-4' >WINETOUR<\/span>\n<\/span>in the heart of Tuscany<\/h3><\/div>\n\n<style type=\"text\/css\" data-created_by=\"avia_inline_auto\" id=\"style-css-av-l6ndqg24-71c11cf01486cfe33cd8d4e3dd0beb50\">\n#top .av-rotator-container.av-l6ndqg24-71c11cf01486cfe33cd8d4e3dd0beb50{\ntext-align:center;\ncolor:#ffffff;\n}\n#top #wrap_all .av-rotator-container.av-l6ndqg24-71c11cf01486cfe33cd8d4e3dd0beb50 .av-rotator-container-inner{\nfont-size:40px;\n}\n\n@media only screen and (min-width: 990px){ \n#top #wrap_all .av-rotator-container.av-l6ndqg24-71c11cf01486cfe33cd8d4e3dd0beb50 .av-rotator-container-inner{\nfont-size:40px;\n}\n}\n\n@media only screen and (min-width: 768px) and (max-width: 989px){ \n#top #wrap_all .av-rotator-container.av-l6ndqg24-71c11cf01486cfe33cd8d4e3dd0beb50 .av-rotator-container-inner{\nfont-size:41px;\n}\n}\n\n@media only screen and (min-width: 480px) and (max-width: 767px){ \n#top #wrap_all .av-rotator-container.av-l6ndqg24-71c11cf01486cfe33cd8d4e3dd0beb50 .av-rotator-container-inner{\nfont-size:40px;\n}\n}\n\n@media only screen and (max-width: 479px){ \n#top #wrap_all .av-rotator-container.av-l6ndqg24-71c11cf01486cfe33cd8d4e3dd0beb50 .av-rotator-container-inner{\nfont-size:40px;\n}\n}\n<\/style>\n\n<style type=\"text\/css\" data-created_by=\"avia_inline_auto\" id=\"style-css-sub-av-l6ndqg24-71c11cf01486cfe33cd8d4e3dd0beb50\">\n#top .av-rotator-container .av-rotator-text-single.av-7mb2ha-8803775e3987e55f24191954a26573fe{\ncolor:#ffffff;\n}\n#top .av-rotator-container .av-rotator-text-single.av-5biyj2-ef197fa4d9e916ac5eb08fddb735a145{\ncolor:#ffffff;\n}\n#top .av-rotator-container .av-rotator-text-single.av-4k3qem-b55f58d66a7c63bd032ad180cc8d407d{\ncolor:#ffffff;\n}\n#top .av-rotator-container .av-rotator-text-single.av-1xxtda-48d628fab4ec23a6bb8ba6666095cbdf{\ncolor:#ffffff;\n}\n<\/style>\n<div  class='av-rotator-container av-rotation-container-center av-l6ndqg24-71c11cf01486cfe33cd8d4e3dd0beb50  avia-builder-el-2  el_after_av_headline_rotator  avia-builder-el-last  av-desktop-hide av-medium-hide av-after-rotation-text-active' data-interval='3' data-animation='-1'><h3 class='av-rotator-container-inner'>Siamo un\u2019azienda con mille anni di<span class='av-rotator-text av-rotator-multiline-on'>\n<span class='av-rotator-text-single av-7mb2ha-8803775e3987e55f24191954a26573fe av-rotator-text-single-1' >HISTORY<\/span>\n<span class='av-rotator-text-single av-5biyj2-ef197fa4d9e916ac5eb08fddb735a145 av-rotator-text-single-2' >ETHICS AND SUSTAINABILITY<\/span>\n<span class='av-rotator-text-single av-4k3qem-b55f58d66a7c63bd032ad180cc8d407d av-rotator-text-single-3' >BIOLOGICAL AGRICULTURE<\/span>\n<span class='av-rotator-text-single av-1xxtda-48d628fab4ec23a6bb8ba6666095cbdf av-rotator-text-single-4' >WINETOUR<\/span>\n<\/span>in the heart of Tuscany<\/h3><\/div>\n\n<\/div><\/div><\/main><!-- close content main element --><\/div><\/div><\/div>\n<style type=\"text\/css\" data-created_by=\"avia_inline_auto\" id=\"style-css-av-138hncu-a820c61d39198e1d30a6f184150d7cb7\">\n.avia-section.av-138hncu-a820c61d39198e1d30a6f184150d7cb7{\nbackground-color:#3f0e00;\nbackground-image:unset;\n}\n<\/style>\n<div id='av_section_2'  class='avia-section av-138hncu-a820c61d39198e1d30a6f184150d7cb7 main_color avia-section-small avia-no-border-styling  avia-builder-el-3  el_after_av_section  el_before_av_layout_row  avia-bg-style-scroll container_wrap sidebar_right'  ><div class='container av-section-cont-open' ><div class='template-page content  av-content-small alpha units'><div class='post-entry post-entry-type-page post-entry-1664'><div class='entry-content-wrapper clearfix'>\n\n<style type=\"text\/css\" data-created_by=\"avia_inline_auto\" id=\"style-css-av-11k6fry-d7b602a4e104a3a83727b4b75c381dc4\">\n.avia-image-container.av-11k6fry-d7b602a4e104a3a83727b4b75c381dc4 img.avia_image{\nbox-shadow:none;\n}\n.avia-image-container.av-11k6fry-d7b602a4e104a3a83727b4b75c381dc4 .av-image-caption-overlay-center{\ncolor:#ffffff;\n}\n<\/style>\n<div  class='avia-image-container av-11k6fry-d7b602a4e104a3a83727b4b75c381dc4 av-styling- avia-align-center  avia-builder-el-4  avia-builder-el-no-sibling '   itemprop=\"image\" itemscope=\"itemscope\" itemtype=\"https:\/\/schema.org\/ImageObject\" ><div class=\"avia-image-container-inner\"><div class=\"avia-image-overlay-wrap\"><img decoding=\"async\" fetchpriority=\"high\" class='wp-image-1484 avia-img-lazy-loading-not-1484 avia_image ' src=\"https:\/\/www.usigliandelvescovo.it\/wp-content\/uploads\/2022\/08\/LOGO-ORO.png\" alt='' title='LOGO-ORO'  height=\"62\" width=\"218\"  itemprop=\"thumbnailUrl\"  \/><\/div><\/div><\/div>\n\n<\/div><\/div><\/div><!-- close content main div --><\/div><\/div><div id='av-layout-grid-1'  class='av-layout-grid-container av-zt34su-42d45f7b9624e7f4cf5e46921da34c5b entry-content-wrapper main_color av-flex-cells  avia-builder-el-5  el_after_av_section  el_before_av_layout_row  av-cell-min-height av-cell-min-height-50 grid-row-not-first  container_wrap sidebar_right'   data-av_minimum_height_pc='50'>\n\n<style type=\"text\/css\" data-created_by=\"avia_inline_auto\" id=\"style-css-av-yg6svy-e5c0ff1d6237131352c6e8647f68df2c\">\n.flex_cell.av-yg6svy-e5c0ff1d6237131352c6e8647f68df2c{\nvertical-align:middle;\nbackground-color:#ffffff;\n}\n.responsive #top #wrap_all .flex_cell.av-yg6svy-e5c0ff1d6237131352c6e8647f68df2c{\npadding:150px 150px 150px 150px !important;\n}\n\n@media only screen and (min-width: 768px) and (max-width: 989px){ \n.responsive #top #wrap_all .flex_cell.av-yg6svy-e5c0ff1d6237131352c6e8647f68df2c{\npadding:50px 50px 50px 50px !important;\n}\n}\n\n@media only screen and (min-width: 480px) and (max-width: 767px){ \n.responsive #top #wrap_all .flex_cell.av-yg6svy-e5c0ff1d6237131352c6e8647f68df2c{\npadding:50px 50px 50px 50px !important;\n}\n}\n\n@media only screen and (max-width: 479px){ \n.responsive #top #wrap_all .flex_cell.av-yg6svy-e5c0ff1d6237131352c6e8647f68df2c{\npadding:50px 50px 50px 50px !important;\n}\n}\n<\/style>\n<div class='flex_cell av-yg6svy-e5c0ff1d6237131352c6e8647f68df2c av-gridrow-cell av_one_half no_margin  avia-builder-el-6  el_before_av_cell_one_half  avia-builder-el-first '  ><div class='flex_cell_inner'><section  class='av_textblock_section av-l6m8wu7k-39bf915807ea18947596b6d376bf4825 '   itemscope=\"itemscope\" itemtype=\"https:\/\/schema.org\/CreativeWork\" ><div class='avia_textblock'  itemprop=\"text\" ><p>The origins of the Tenuta Usiglian del Vescovo date back to the Middle Ages. The first production of wine was documented in 1083 when the Bishop of Lucca ordered vines to be planted in the Manor of the fief of Usigliano to celebrate Mass. The first deed that attests to the estate\u2019s existence is dated a few years earlier when, in 1078, the powerful Matilde di Canossa gifted Usigliano di Palaia to the Bishops of Lucca which, over time, became better known as &#8220;Usiglian del Vescovo&#8221;.<\/p>\n<\/div><\/section>\n<\/div><\/div>\n<style type=\"text\/css\" data-created_by=\"avia_inline_auto\" id=\"style-css-av-wyzpzi-6867646c7f22f25422f15d19597427db\">\n.flex_cell.av-wyzpzi-6867646c7f22f25422f15d19597427db{\nvertical-align:top;\nbackground:url(https:\/\/www.usigliandelvescovo.it\/wp-content\/uploads\/2022\/08\/storia.jpg) 50% 50% no-repeat scroll ;\n}\n.responsive #top #wrap_all .flex_cell.av-wyzpzi-6867646c7f22f25422f15d19597427db{\npadding:50px 50px 50px 50px !important;\n}\n<\/style>\n<div class='flex_cell av-wyzpzi-6867646c7f22f25422f15d19597427db av-gridrow-cell av_one_half no_margin  avia-builder-el-8  el_after_av_cell_one_half  avia-builder-el-last  avia-full-stretch'  ><div class='flex_cell_inner'><\/div><\/div>\n<\/div>\n<div id='av-layout-grid-2'  class='av-layout-grid-container av-utp0im-12136b7e984d246c210aff82cc95b6a3 entry-content-wrapper main_color av-flex-cells  avia-builder-el-9  el_after_av_layout_row  el_before_av_layout_row  av-grid-order-reverse av-cell-min-height av-cell-min-height-50 grid-row-not-first  container_wrap sidebar_right'   data-av_minimum_height_pc='50'>\n\n<style type=\"text\/css\" data-created_by=\"avia_inline_auto\" id=\"style-css-av-tf363i-ec50fc0d5ed06ef5a44e6adacd8f01a6\">\n.flex_cell.av-tf363i-ec50fc0d5ed06ef5a44e6adacd8f01a6{\nvertical-align:middle;\nbackground:url(https:\/\/www.usigliandelvescovo.it\/wp-content\/uploads\/2022\/08\/vin2-1030x685.jpg) 0% 50% no-repeat scroll ;\n}\n.responsive #top #wrap_all .flex_cell.av-tf363i-ec50fc0d5ed06ef5a44e6adacd8f01a6{\npadding:50px 50px 50px 50px !important;\n}\n<\/style>\n<div class='flex_cell av-tf363i-ec50fc0d5ed06ef5a44e6adacd8f01a6 av-gridrow-cell av_one_half no_margin  avia-builder-el-10  el_before_av_cell_one_half  avia-builder-el-first  avia-full-stretch'  ><div class='flex_cell_inner'><\/div><\/div>\n<style type=\"text\/css\" data-created_by=\"avia_inline_auto\" id=\"style-css-av-r0kvwe-8779af9ed96027bbf068ab0002d07dc0\">\n.flex_cell.av-r0kvwe-8779af9ed96027bbf068ab0002d07dc0{\nvertical-align:middle;\n}\n.responsive #top #wrap_all .flex_cell.av-r0kvwe-8779af9ed96027bbf068ab0002d07dc0{\npadding:150px 150px 150px 150px !important;\n}\n\n@media only screen and (min-width: 768px) and (max-width: 989px){ \n.responsive #top #wrap_all .flex_cell.av-r0kvwe-8779af9ed96027bbf068ab0002d07dc0{\npadding:50px 50px 50px 50px !important;\n}\n}\n\n@media only screen and (min-width: 480px) and (max-width: 767px){ \n.responsive #top #wrap_all .flex_cell.av-r0kvwe-8779af9ed96027bbf068ab0002d07dc0{\npadding:50px 50px 50px 50px !important;\n}\n}\n\n@media only screen and (max-width: 479px){ \n.responsive #top #wrap_all .flex_cell.av-r0kvwe-8779af9ed96027bbf068ab0002d07dc0{\npadding:50px 50px 50px 50px !important;\n}\n}\n<\/style>\n<div class='flex_cell av-r0kvwe-8779af9ed96027bbf068ab0002d07dc0 av-gridrow-cell av_one_half no_margin  avia-builder-el-11  el_after_av_cell_one_half  avia-builder-el-last '  ><div class='flex_cell_inner'><section  class='av_textblock_section av-l6m8x88h-946c4cd689c0d23d0261f9450779f6c4 '   itemscope=\"itemscope\" itemtype=\"https:\/\/schema.org\/CreativeWork\" ><div class='avia_textblock'  itemprop=\"text\" ><p>Over the centuries Usiglian del Vescovo has experienced countless historical trials and tribulations as a result of the alternating influence of the Republics of Pisa and Florence. Under Florentine dominion, from 1509 and for three consecutive centuries, the long period of political stability favoured the revival of the arts and commerce as well as the affirmation of a new philosophy of life imbued with the pleasures and beauty of the countryside.<\/p>\n<\/div><\/section>\n<\/div><\/div><\/div><div id='av-layout-grid-3'  class='av-layout-grid-container av-pahsxq-4ac35ac235c5b5a82b48a6d371f03641 entry-content-wrapper main_color av-flex-cells  avia-builder-el-13  el_after_av_layout_row  el_before_av_layout_row  av-cell-min-height av-cell-min-height-50 grid-row-not-first  container_wrap sidebar_right'   data-av_minimum_height_pc='50'>\n\n<style type=\"text\/css\" data-created_by=\"avia_inline_auto\" id=\"style-css-av-ogmhim-9e0f09f6e3590365b1fa444bcf7ee57e\">\n.flex_cell.av-ogmhim-9e0f09f6e3590365b1fa444bcf7ee57e{\nvertical-align:middle;\nbackground-color:#883d1f;\n}\n.responsive #top #wrap_all .flex_cell.av-ogmhim-9e0f09f6e3590365b1fa444bcf7ee57e{\npadding:150px 150px 150px 150px !important;\n}\n\n@media only screen and (min-width: 768px) and (max-width: 989px){ \n.responsive #top #wrap_all .flex_cell.av-ogmhim-9e0f09f6e3590365b1fa444bcf7ee57e{\npadding:50px 50px 50px 50px !important;\n}\n}\n\n@media only screen and (min-width: 480px) and (max-width: 767px){ \n.responsive #top #wrap_all .flex_cell.av-ogmhim-9e0f09f6e3590365b1fa444bcf7ee57e{\npadding:50px 50px 50px 50px !important;\n}\n}\n\n@media only screen and (max-width: 479px){ \n.responsive #top #wrap_all .flex_cell.av-ogmhim-9e0f09f6e3590365b1fa444bcf7ee57e{\npadding:50px 50px 50px 50px !important;\n}\n}\n<\/style>\n<div class='flex_cell av-ogmhim-9e0f09f6e3590365b1fa444bcf7ee57e av-gridrow-cell av_one_half no_margin  avia-builder-el-14  el_before_av_cell_one_half  avia-builder-el-first '  ><div class='flex_cell_inner'><p>\n<style type=\"text\/css\" data-created_by=\"avia_inline_auto\" id=\"style-css-av-l6m8xnu5-bd7324dc7f5c9ffab60ac1e18d06a174\">\n#top .av-special-heading.av-l6m8xnu5-bd7324dc7f5c9ffab60ac1e18d06a174{\npadding-bottom:10px;\ncolor:#ffffff;\nfont-size:30px;\n}\nbody .av-special-heading.av-l6m8xnu5-bd7324dc7f5c9ffab60ac1e18d06a174 .av-special-heading-tag .heading-char{\nfont-size:25px;\n}\n#top #wrap_all .av-special-heading.av-l6m8xnu5-bd7324dc7f5c9ffab60ac1e18d06a174 .av-special-heading-tag{\nfont-size:30px;\n}\n.av-special-heading.av-l6m8xnu5-bd7324dc7f5c9ffab60ac1e18d06a174 .special-heading-inner-border{\nborder-color:#ffffff;\n}\n.av-special-heading.av-l6m8xnu5-bd7324dc7f5c9ffab60ac1e18d06a174 .av-subheading{\nfont-size:15px;\n}\n\n@media only screen and (min-width: 480px) and (max-width: 767px){ \n#top #wrap_all .av-special-heading.av-l6m8xnu5-bd7324dc7f5c9ffab60ac1e18d06a174 .av-special-heading-tag{\nfont-size:0.8em;\n}\n}\n\n@media only screen and (max-width: 479px){ \n#top #wrap_all .av-special-heading.av-l6m8xnu5-bd7324dc7f5c9ffab60ac1e18d06a174 .av-special-heading-tag{\nfont-size:0.8em;\n}\n}\n<\/style>\n<div  class='av-special-heading av-l6m8xnu5-bd7324dc7f5c9ffab60ac1e18d06a174 av-special-heading-h3 custom-color-heading blockquote modern-quote  avia-builder-el-15  el_before_av_hr  avia-builder-el-first  av-inherit-size'><h3 class='av-special-heading-tag '  itemprop=\"headline\"  >Usiglian Del Vescovo Today<\/h3><div class=\"special-heading-border\"><div class=\"special-heading-inner-border\"><\/div><\/div><\/div><br \/>\n\n<style type=\"text\/css\" data-created_by=\"avia_inline_auto\" id=\"style-css-av-lw02xq-c85b1f81e13981453b663495ccccbed4\">\n#top .hr.av-lw02xq-c85b1f81e13981453b663495ccccbed4{\nmargin-top:30px;\nmargin-bottom:30px;\n}\n.hr.av-lw02xq-c85b1f81e13981453b663495ccccbed4 .hr-inner{\nwidth:50px;\nborder-color:#ffffff;\n}\n<\/style>\n<div  class='hr av-lw02xq-c85b1f81e13981453b663495ccccbed4 hr-custom  avia-builder-el-16  el_after_av_heading  el_before_av_textblock  hr-left hr-icon-no'><span class='hr-inner inner-border-av-border-fat'><span class=\"hr-inner-style\"><\/span><\/span><\/div><br \/>\n\n<style type=\"text\/css\" data-created_by=\"avia_inline_auto\" id=\"style-css-av-l6m8xt00-8fbc1d74a0cfb3e748f17293f1922c3d\">\n#top .av_textblock_section.av-l6m8xt00-8fbc1d74a0cfb3e748f17293f1922c3d .avia_textblock{\ncolor:#ffffff;\n}\n<\/style>\n<section  class='av_textblock_section av-l6m8xt00-8fbc1d74a0cfb3e748f17293f1922c3d '   itemscope=\"itemscope\" itemtype=\"https:\/\/schema.org\/CreativeWork\" ><div class='avia_textblock av_inherit_color'  itemprop=\"text\" ><p>Today Usiglian del Vescovo covers an area of around 160 hectares, 25 of which consist of vineyards containing Sangiovese, Merlot, Cabernet Sauvignon, Syrah, Petit Verdot, Chardonnay and Viognier vines, as well as 15 hectares of olive-groves. The unique soil and proximity to the Tyrrhenian Sea make this an optimum vine growing environment. Here the vines enjoy special conditions which give our wines their uniqueness, exceptionally rich flavour and fresh taste. Situated in the centre of the Estate is the Villa of Usigliano, the main residence which, in times past, was the main reference point for the collection of farms and castles dotted throughout the property and after which the vineyards have been named. In 2001 the new proprietors of Usiglian del Vescovo subjected the main villa and ancient cellars to a process of renovation.<\/p>\n<\/div><\/section><\/p>\n<\/div><\/div>\n<style type=\"text\/css\" data-created_by=\"avia_inline_auto\" id=\"style-css-av-kwiuzy-9809c45e7b24b0eac0ae8a972df48087\">\n.flex_cell.av-kwiuzy-9809c45e7b24b0eac0ae8a972df48087{\nvertical-align:top;\nbackground:url(https:\/\/www.usigliandelvescovo.it\/wp-content\/uploads\/2022\/08\/vigneti-1.jpg) 50% 50% no-repeat scroll ;\n}\n.responsive #top #wrap_all .flex_cell.av-kwiuzy-9809c45e7b24b0eac0ae8a972df48087{\npadding:50px 50px 50px 50px !important;\n}\n<\/style>\n<div class='flex_cell av-kwiuzy-9809c45e7b24b0eac0ae8a972df48087 av-gridrow-cell av_one_half no_margin  avia-builder-el-18  el_after_av_cell_one_half  avia-builder-el-last  avia-full-stretch'  ><div class='flex_cell_inner'><\/div><\/div><\/div><div id='av-layout-grid-4'  class='av-layout-grid-container av-ie0rby-fd4dd127a5970ba6ce4387419bf682b9 entry-content-wrapper main_color av-flex-cells  avia-builder-el-19  el_after_av_layout_row  el_before_av_section  av-grid-order-reverse av-cell-min-height av-cell-min-height-50 grid-row-not-first  container_wrap sidebar_right'   data-av_minimum_height_pc='50'>\n\n<style type=\"text\/css\" data-created_by=\"avia_inline_auto\" id=\"style-css-av-h4qbce-e63800d1cfdc6fc112f6a6f66075bd73\">\n.flex_cell.av-h4qbce-e63800d1cfdc6fc112f6a6f66075bd73{\nvertical-align:middle;\nbackground:url(https:\/\/www.usigliandelvescovo.it\/wp-content\/uploads\/2022\/08\/foto1-1320x9242-1-1030x721.jpg) 0% 50% no-repeat scroll ;\n}\n.responsive #top #wrap_all .flex_cell.av-h4qbce-e63800d1cfdc6fc112f6a6f66075bd73{\npadding:50px 50px 50px 50px !important;\n}\n<\/style>\n<div class='flex_cell av-h4qbce-e63800d1cfdc6fc112f6a6f66075bd73 av-gridrow-cell av_one_half no_margin  avia-builder-el-20  el_before_av_cell_one_half  avia-builder-el-first  avia-full-stretch'  ><div class='flex_cell_inner'><\/div><\/div>\n<style type=\"text\/css\" data-created_by=\"avia_inline_auto\" id=\"style-css-av-fsv2b2-e2d2a908727771498d0349f620f8a352\">\n.flex_cell.av-fsv2b2-e2d2a908727771498d0349f620f8a352{\nvertical-align:middle;\n}\n.responsive #top #wrap_all .flex_cell.av-fsv2b2-e2d2a908727771498d0349f620f8a352{\npadding:150px 150px 150px 150px !important;\n}\n\n@media only screen and (min-width: 768px) and (max-width: 989px){ \n.responsive #top #wrap_all .flex_cell.av-fsv2b2-e2d2a908727771498d0349f620f8a352{\npadding:50px 50px 50px 50px !important;\n}\n}\n\n@media only screen and (min-width: 480px) and (max-width: 767px){ \n.responsive #top #wrap_all .flex_cell.av-fsv2b2-e2d2a908727771498d0349f620f8a352{\npadding:50px 50px 50px 50px !important;\n}\n}\n\n@media only screen and (max-width: 479px){ \n.responsive #top #wrap_all .flex_cell.av-fsv2b2-e2d2a908727771498d0349f620f8a352{\npadding:50px 50px 50px 50px !important;\n}\n}\n<\/style>\n<div class='flex_cell av-fsv2b2-e2d2a908727771498d0349f620f8a352 av-gridrow-cell av_one_half no_margin  avia-builder-el-21  el_after_av_cell_one_half  avia-builder-el-last '  ><div class='flex_cell_inner'><section  class='av_textblock_section av-l6m8y2up-d22fd74d3be9e918d1446d6714e6204f '   itemscope=\"itemscope\" itemtype=\"https:\/\/schema.org\/CreativeWork\" ><div class='avia_textblock'  itemprop=\"text\" ><p>The intention of the farm\u2019s new proprietors was to maximize agricultural production by aiming for the highest quality, sustainable farming practices and the protection of a land which, by its very nature is fragile, with soil &#8211; an ancient seabed of Pliocene origin &#8211; that has been maintained over the course of millions of years.<br \/>\nThe main strengths of this enthusiastic new project were the people who implemented it, a cohesive and expert group committed to getting the best out of the vines, adapting to the characteristics of the land and its microclimate in order to achieve the best possible production from a qualitative, environmental and ethical viewpoint.<\/p>\n<\/div><\/section>\n<\/div><\/div>\n<\/div><\/p>\n<div id='av_section_3'  class='avia-section av-27qtpa-a47fa19e7ad328a7581628821ea65131 main_color avia-section-default avia-no-border-styling  avia-builder-el-23  el_after_av_layout_row  avia-builder-el-last  av-desktop-hide av-medium-hide av-small-hide av-mini-hide avia-bg-style-scroll container_wrap sidebar_right'  ><div class='container av-section-cont-open' ><div class='template-page content  av-content-small alpha units'><div class='post-entry post-entry-type-page post-entry-1664'><div class='entry-content-wrapper clearfix'>\n<div  class='flex_column av-6iht9a-51c97d0defe6920217084097677a9424 av_one_full  avia-builder-el-24  el_before_av_one_half  avia-builder-el-first  first flex_column_div  '     ><style type=\"text\/css\" data-created_by=\"avia_inline_auto\" id=\"style-css-av-l6m9ottl-2ebaa30c0661d234e9a236d52ba481a1\">\n#top .av-special-heading.av-l6m9ottl-2ebaa30c0661d234e9a236d52ba481a1{\npadding-bottom:10px;\n}\nbody .av-special-heading.av-l6m9ottl-2ebaa30c0661d234e9a236d52ba481a1 .av-special-heading-tag .heading-char{\nfont-size:25px;\n}\n.av-special-heading.av-l6m9ottl-2ebaa30c0661d234e9a236d52ba481a1 .av-subheading{\nfont-size:15px;\n}\n<\/style>\n<div  class='av-special-heading av-l6m9ottl-2ebaa30c0661d234e9a236d52ba481a1 av-special-heading-h3 blockquote modern-quote modern-centered  avia-builder-el-25  avia-builder-el-no-sibling '><h3 class='av-special-heading-tag '  itemprop=\"headline\"  >Lo Stemma di Usiglian del Vescovo<\/h3><div class=\"special-heading-border\"><div class=\"special-heading-inner-border\"><\/div><\/div><\/div><\/div>\n<style type=\"text\/css\" data-created_by=\"avia_inline_auto\" id=\"style-css-av-3ihcou-e6db5eaff6e0f9f8cf230286ae570a67\">\n.flex_column.av-3ihcou-e6db5eaff6e0f9f8cf230286ae570a67{\nborder-radius:30px 30px 30px 30px;\n}\n<\/style>\n<div  class='flex_column av-3ihcou-e6db5eaff6e0f9f8cf230286ae570a67 av_one_half  avia-builder-el-26  el_after_av_one_full  el_before_av_one_half  first flex_column_div  column-top-margin'     ><p><section  class='av_textblock_section av-l6m9nrhl-afd9745e310720f11b462ec96d18f8a7 '   itemscope=\"itemscope\" itemtype=\"https:\/\/schema.org\/CreativeWork\" ><div class='avia_textblock'  itemprop=\"text\" ><p><strong>Stemma Baldovinetti: di rosso al leone d&#8217;oro caricato dell&#8217; aquila bicipite di nero (capo dell&#8217;Impero per concessione fatta da Massimiliano I a Baldovinetto Baldovinetti nel 1516). ASF, Ceramelli Papiani, fasc. 328.<\/strong><\/p>\n<\/div><\/section><br \/>\n<section  class='av_textblock_section av-l6m9qip5-a07624363009a459e98c70fc9b9a444b '   itemscope=\"itemscope\" itemtype=\"https:\/\/schema.org\/CreativeWork\" ><div class='avia_textblock'  itemprop=\"text\" ><p><img loading=\"lazy\" decoding=\"async\" class=\"size-full wp-image-1220 alignleft\" src=\"https:\/\/sidebloom01.customerserver003003.eurhosting.net\/wp-content\/uploads\/2022\/08\/Stemma_Baldovinetti.png\" alt=\"\" width=\"224\" height=\"270\" \/>La campagna di Usigliano nella seconda meta del &#8216;500 era nelle mani di poche persone. Se valutiamo i beni di alcuni contadini &#8220;possidenti&#8221;,<br \/>\nquelli spettanti agli Agostini, impegnati nella costituzione della fattoria di Colleoli, quelli della chiesa di S.Piero di Usigliano, della Spedale Nuovo, e del Priorato del S. Sepolcro di Pisa (spesso costituiti da pochi pezzi di terra e qualche podere), vediamo che prevalgono in maniera consistente i beni della famiglia Baldovinetti di Firenze, estesi non solo ad Usigliano, ma anche nel &#8220;Comune&#8221; di Marti, all&#8217;epoca facente parte della podesteria di Palaia. Questa propriet\u00e0 riconducibile a Giovanni di Guido Baldovinetti (n. 1443), era nel 1563 gia divisa ed assegnata ai di lui nipoti:<\/p>\n<p>Francesco di Niccolo di Giovanni (m. 1593) e al cugino Giovanni di Francesco di Giovanni Baldovinetti (m. 1587). All&#8217;epoca la villa, o quantomeno i vari fabbricati che costituivano il complesso, edificati recuperando i fondamenti o parti intere dell&#8217;antico castello, appartenevano in maniera distinta ai due Baldovinetti e ad un certo Alessandro di Bernardo Mancini. Tre erano le colombale presenti sopra i tetti della villa, una per ciascun proprietario, ma, una volta venuto meno l&#8217;allevamento del piccione, o la loro stabilita, queste sono state eliminate eccetto una alla quale, attraverso una serie di trasformazioni, e stata conferita un&#8217;immagine neo-medioevale. Dai primi poderi allora esistenti, Vico, Fonte, Serravallino, Gorgora, risultano presenti al 1622 anche i poderi denominati Botra, Poggio, Capocollina, Poggio Cacio e S. Piero.<\/p>\n<\/div><\/section><\/p><\/div><div  class='flex_column av-1yeyni-ce2658fb3f9723f7a796b4bff0d48398 av_one_half  avia-builder-el-29  el_after_av_one_half  el_before_av_one_half  flex_column_div  column-top-margin'     ><p><section  class='av_textblock_section av-l6m9r0dr-0f28538145efeb8c32c7d75b7689e054 '   itemscope=\"itemscope\" itemtype=\"https:\/\/schema.org\/CreativeWork\" ><div class='avia_textblock'  itemprop=\"text\" ><p><strong>Stemma Tornaquinci: scudo inquartato d&#8217;oro e di verde. ASF, Ceramelli Papiani, fase. 4660.<\/strong><\/p>\n<\/div><\/section><br \/>\n<section  class='av_textblock_section av-l6m9rmoc-09fd33d2423e5b1ba08b8176110ec1b2 '   itemscope=\"itemscope\" itemtype=\"https:\/\/schema.org\/CreativeWork\" ><div class='avia_textblock'  itemprop=\"text\" ><p><img loading=\"lazy\" decoding=\"async\" class=\"wp-image-1223 size-full alignleft\" src=\"https:\/\/sidebloom01.customerserver003003.eurhosting.net\/wp-content\/uploads\/2022\/08\/Stemma_Tornaquinci.png\" alt=\"\" width=\"224\" height=\"270\" \/><\/p>\n<p>Dopo il passaggio della proprieta di Giovanni di Guido Baldovinetti nelle mani dei suoi due nipoti, Francesco e Giovanni, la tenuta rester\u00e0<br \/>\nscudo inquartato d&#8217;oro e di verde. ASF, Ceramelli Papiani, fase. 4660.(salvo alcune eccezioni), perennemente divisa, seguendo in maniera distinta un diverso destino. Mentre il patrimonio di Giovanni rimarr\u00e0 nel corso dei secoli nell&#8217;asse patrimoniale degli eredi Baldovinetti per essere poi, di volta in volta alienato, quello di Francesco di Niccol\u00f2 verr\u00e0, invece, a costituire il nucleo della nuova tenuta di Usigliano. Questa parte passata a Gi\u00f2 Antonio di Luca Tornaquinci nel 1654, in quanta figlio di Maria Baldovinetti (m. 1674), e per successiva eredit\u00e0, al Marchese Francesco Aldebrando de&#8217; Medici (1786), verra a costituire, dal 1797, la nuova fattoria di Usigliano, determinando la ricomposizione immobiliare della villa, rimasta sino ad allora divisa in tre proprietari. Attraverso quindi tre atti notarili, Giovan Niccola di Niccolo Bertolli (o Bertolla), esponente di una ricca famiglia di Livorno distintasi nell&#8217;arte del commercio, acquist\u00f2 dal Marchese de&#8217; Medici tutto il patrimonio gi\u00e0 di Francesco di Niccol\u00f2 Baldovinetti, ovvero: tutti i terreni, il podere Le Botra, Vico, Poggio (tutti e tre con colombaia), &#8220;Un casamento ed pi\u00f9 stanze e colombaia ( &#8230; ) ed un poco d&#8217;orto&#8221;(villa), tre casette ed un frantoio; da Giuseppe Maria, erede dell&#8217;avo Francesco, acquist\u00f2 sei unit\u00e0 immobiliari: &#8220;Una casa ed colombaia ed un poco di orto&#8221; (villa), tre casette, la casa del fattore, un frantoio per la spesa di 1200 scudi; dai Matteucci di Montopoli e Ponsacco, eredi Mancini, acquist\u00f2 alcuni terreni, il podere S. Piero, &#8220;Una casa con colombaia per il padrone&#8221;(villa) e alcuni pezzi di terra per la spesa di 809.22 scudi. Anche se attraverso queste acquisizioni, la parte fondiaria crebbe di poco (per la parte relativa ad Usigliano), il Bertolli riusc\u00ec, quantomeno, a riunire tutta la villa ed avviare una politica di notevole investimento, una politica che lo porto ad acquisire, di l\u00ec a breve, anche la fattoria Riccardi del Terrafino di Empoli nel 1798 e quella Salviati del Castellonchio di S. Miniato nel 1806.<\/p>\n<\/div><\/section><\/p><\/div><div  class='flex_column av-5w5ucu-36dbc414ba9ba3e77f9ef5e17e50aa23 av_one_half  avia-builder-el-32  el_after_av_one_half  el_before_av_one_half  first flex_column_div  column-top-margin'     ><p><section  class='av_textblock_section av-l6m9wxmi-dcea0efd500c7f0380cb843a09594582 '   itemscope=\"itemscope\" itemtype=\"https:\/\/schema.org\/CreativeWork\" ><div class='avia_textblock'  itemprop=\"text\" ><p><strong>Stemma Tornaquinci: scudo inquartato d&#8217;oro e di verde. ASF, Ceramelli Papiani, fase. 4660.<\/strong><\/p>\n<\/div><\/section><br \/>\n<section  class='av_textblock_section av-l6m9xit9-15b54ce910ac3c2a20d106dff20ee808 '   itemscope=\"itemscope\" itemtype=\"https:\/\/schema.org\/CreativeWork\" ><div class='avia_textblock'  itemprop=\"text\" ><p><img loading=\"lazy\" decoding=\"async\" class=\"alignleft wp-image-1221 size-full\" src=\"https:\/\/sidebloom01.customerserver003003.eurhosting.net\/wp-content\/uploads\/2022\/08\/Stemma_Bertolli.png\" alt=\"\" width=\"224\" height=\"270\" \/><\/p>\n<p>Nel 1822 la fattoria di Usigliano passata nel frattempo a Giovacchino e Niccola, rispettivamente figlio e nipote di Giovan Niccola, si estendeva per 230 ettari, distribuiti prevalentemente tra Usigliano, Marti e Colleoli, con circa dieci poderi. Riunita nel 1856 nelle sole mani di Francesco di Niccola Bertolli, pervenne nel 1872 alle di lui figlie: Pia ed Alessandra. Mentre la prima spos\u00f2 nel 1885 il Barone Livio Carranza, Alessandra and\u00f2 in sposa a Costantino Pappudoff di Livorno con ogni probabilit\u00e0 nel 1883, anno in cui la fattoria di Usigliano le pervenne come patrimonio dotale. Con la morte del Pappudoff (1908), e quella di lei (1938), in mancanza di eredi diretti, Alessandra Bertolli prefer\u00ec lasciare i propri beni, anziche alla sorella o ai nipoti, alla &#8220;Casa della Divina Provvidenza di Torino&#8221;, meglio conosciuta come &#8220;II Cottolengo&#8221;: correva l&#8217;anno 1942. Da questa momento in poi, la fattoria di Usigliano conobbe, nell&#8217;arco di alcuni decenni, vari proprietari che hanno profondamente minato l&#8217;impianto iniziale creato dai primi Bertolli.<\/p>\n<\/div><\/section><\/p><\/div><div  class='flex_column av-48ga3i-9d2d8b4b45bd9d2f169755e865a7cba6 av_one_half  avia-builder-el-35  el_after_av_one_half  avia-builder-el-last  flex_column_div  column-top-margin'     ><p><section  class='av_textblock_section av-l6m9xq3f-14775e3ed854449486c5e7389c20cf18 '   itemscope=\"itemscope\" itemtype=\"https:\/\/schema.org\/CreativeWork\" ><div class='avia_textblock'  itemprop=\"text\" ><p><strong>Stemma Tornaquinci: scudo inquartato d&#8217;oro e di verde. ASF, Ceramelli Papiani, fase. 4660.<\/strong><\/p>\n<\/div><\/section><br \/>\n<section  class='av_textblock_section av-l6m9y6zd-26012451e3240b4035771f2b8de7cbea '   itemscope=\"itemscope\" itemtype=\"https:\/\/schema.org\/CreativeWork\" ><div class='avia_textblock'  itemprop=\"text\" ><p><img loading=\"lazy\" decoding=\"async\" class=\"alignleft wp-image-1222 size-full\" src=\"https:\/\/sidebloom01.customerserver003003.eurhosting.net\/wp-content\/uploads\/2022\/08\/Stemma_Pappudoff.png\" alt=\"\" width=\"224\" height=\"270\" \/><\/p>\n<section class=\"project-single-stacked\">\n<div class=\"container\">\n<div class=\"row project__description\">\n<div class=\"col-sm-6 card__body boxed boxed--lg\">\n<p>Percorrendo velocemente i vari passaggi, dopo il Cottolengo, la fattoria fu acquistata dal prof. Gherardo Casini di Roma (1957), poi dalla famiglia Gargelli di Firenze (1961 c.), dall&#8217;ing. Bruno Corrada di Milano (1971\/2), dai Perletti di Bergamo (1982) ed infine, ne1 2001, dagli attuali proprietari. A segnare pesantemente l&#8217;impianto fondiario, dopo il fallimento del prof. Casini che condusse la proprieta all&#8217;asta, fu sicuramente la famiglia Gargelli, la quale, se riusci inizialmente a ricomporre l&#8217;estensione fondiaria lasciata in essere al tempo del Cottolengo (l&#8217;acquisto in due volte), con il fallimento delle sue attivita (1969), gett\u00f2 nel baratro ancora una volta la tenuta di Usigliano e stavolta in maniera irreversibile: divisa in due lotti, la parte denominata di &#8220;poggio&#8221;, contenente la villa e vari poderi di collina, fu acquistata dai Corrada, mentre la parte di piano dai Bianchi di Castelfiorentino. La fattoria, quindi, dimezzata e ulteriormente ridotta per la cessione di alcuni poderi, vive ancora oggi per la parte pi\u00f9 importante e rappresentativa composta cioe dalla villa e dai poderi denominati Casabianca, Fanuccio, i Pini, Fomace, Vico, Casina, Usigliano, il Poggio e Val di Strame.<\/p>\n<\/div>\n<\/div>\n<\/div>\n<\/section>\n<\/div><\/section><\/p><\/div>\n<\/div><\/div><\/div><!-- close content main div --><\/div><\/div><div id='after_section_3'  class='main_color av_default_container_wrap container_wrap sidebar_right'  ><div class='container av-section-cont-open' ><div class='template-page content  av-content-small alpha units'><div class='post-entry post-entry-type-page post-entry-1664'><div class='entry-content-wrapper clearfix'>\n","protected":false},"excerpt":{"rendered":"","protected":false},"author":3,"featured_media":0,"parent":0,"menu_order":0,"comment_status":"closed","ping_status":"closed","template":"","meta":{"_monsterinsights_skip_tracking":false,"_monsterinsights_sitenote_active":false,"_monsterinsights_sitenote_note":"","_monsterinsights_sitenote_category":0,"footnotes":""},"class_list":["post-1664","page","type-page","status-publish","hentry"],"jetpack_sharing_enabled":true,"_links":{"self":[{"href":"https:\/\/www.usigliandelvescovo.it\/en\/wp-json\/wp\/v2\/pages\/1664","targetHints":{"allow":["GET"]}}],"collection":[{"href":"https:\/\/www.usigliandelvescovo.it\/en\/wp-json\/wp\/v2\/pages"}],"about":[{"href":"https:\/\/www.usigliandelvescovo.it\/en\/wp-json\/wp\/v2\/types\/page"}],"author":[{"embeddable":true,"href":"https:\/\/www.usigliandelvescovo.it\/en\/wp-json\/wp\/v2\/users\/3"}],"replies":[{"embeddable":true,"href":"https:\/\/www.usigliandelvescovo.it\/en\/wp-json\/wp\/v2\/comments?post=1664"}],"version-history":[{"count":6,"href":"https:\/\/www.usigliandelvescovo.it\/en\/wp-json\/wp\/v2\/pages\/1664\/revisions"}],"predecessor-version":[{"id":3378,"href":"https:\/\/www.usigliandelvescovo.it\/en\/wp-json\/wp\/v2\/pages\/1664\/revisions\/3378"}],"wp:attachment":[{"href":"https:\/\/www.usigliandelvescovo.it\/en\/wp-json\/wp\/v2\/media?parent=1664"}],"curies":[{"name":"wp","href":"https:\/\/api.w.org\/{rel}","templated":true}]}}